{"id":239,"date":"2011-11-18T08:03:25","date_gmt":"2011-11-18T08:03:25","guid":{"rendered":"https:\/\/revista-insaiguaviva.org\/curs2011-2012\/?page_id=239"},"modified":"2012-09-04T22:28:23","modified_gmt":"2012-09-04T20:28:23","slug":"taller-de-llengues","status":"publish","type":"page","link":"https:\/\/www.revista-insaiguaviva.org\/curs2011-2012\/llengua-catalana\/taller-de-llengues\/","title":{"rendered":"Taller de Lleng\u00fces"},"content":{"rendered":"<p><strong>El misteri del n\u00famero 4<\/strong><\/p>\n<p style=\"text-align: justify;\">Quan a classe de Taller de Lleng\u00fces vam estudiar la CDU (la Classificaci\u00f3 Decimal Universal), vam veure que tots els n\u00fameros, menys el 4, tenien assignada una mat\u00e8ria. El n\u00famero 4 estava <em>vacant<\/em>.<\/p>\n<p style=\"text-align: justify;\">Per\u00f2, ai, quan vam anar a la biblioteca, una alumna desperta va veure que el n\u00famero 4 tenia assignada una mat\u00e8ria.<\/p>\n<p style=\"text-align: justify;\">Qu\u00e8 \u00e9s el que ha passat?<\/p>\n<p style=\"text-align: justify;\">Aquesta alumna tan curiosa, que es diu Elisa, est\u00e0 investigant aquest misteri.<\/p>\n<p style=\"text-align: justify;\"><strong>Misteri resolt!!<\/strong><\/p>\n<p>La Classificaci\u00f3 Decimal va ser desenvolupada per <strong>Melvin Dewey<\/strong>, bibliotecari americ\u00e0 que va tenir un paper important en l&#8217;organitzaci\u00f3 de biblioteques nord-americanes. L\u2019any 1876 va publicar la primera versi\u00f3 de la <em><strong>Decimal Classification<\/strong><\/em> (DC) que s&#8217;ha reeditat i completat constantment. Publicat el 1953 amb el t\u00edtol <strong><em>Classificaci\u00f3 Decimal Universal (CDU)<\/em><\/strong> i des d&#8217;aleshores ha experimentat importants desenvolupaments i modificacions.<\/p>\n<p style=\"text-align: justify;\">La CDU \u00e9s un sistema de classificaci\u00f3 bibliogr\u00e0fica en el qual t\u00e9 cabuda tot el\u00a0 coneixement hum\u00e0, tant en el pla material com en el conceptual. La seva notaci\u00f3 basada en n\u00fameros ar\u00e0bics fa que sigui independent de qualsevol idioma i alfabet, pel que contribueix a disminuir les dificultats d\u2019ordre ling\u00fc\u00edstic a les comunitats internacionals.<\/p>\n<p style=\"text-align: justify;\">Estableix una tabla de classificaci\u00f3 num\u00e8rica que divideix el saber universal en 10 subclasses que, alhora, es poden subdividir per mitj\u00e0 de noves xifres seguint el principi de classificaci\u00f3 jer\u00e0rquica que caracteritza la CDU:<\/p>\n<p>0. Obres de refer\u00e8ncia\u00a0\u00a0 (enciclop\u00e8dies i diccionaris)<br \/>\n1. Filosofia<br \/>\n2. Religi\u00f3<br \/>\n3. Ci\u00e8ncies socials (sociologia, pol\u00edtica, economia &#8230;)<br \/>\n4.\u00a0\u00a0\u00a0\u00a0\u00a0\u00a0\u00a0 &#8212;&#8212;-<br \/>\n5.\u00a0 Ci\u00e8ncies exactes. Ci\u00e8ncies naturals<br \/>\n6.\u00a0 Ci\u00e8ncies aplicades. Tecnologia<br \/>\n7.\u00a0 Arts<br \/>\n8.\u00a0 Filologia i literatura<br \/>\n9.\u00a0 Hist\u00f2ria i geografia<\/p>\n<p style=\"text-align: justify;\">A Catalunya, <strong><em>Jordi Rubi\u00f3 i Balaguer<\/em><\/strong> en va fer una adaptaci\u00f3 que va ser publicada l\u2019any 1920 amb el nom de Classificaci\u00f3 Decimal. Adaptaci\u00f3 per a les biblioteques catalanes.<\/p>\n<p style=\"text-align: justify;\">A les biblioteques p\u00fabliques de Catalunya s&#8217;utilitzen diferents adaptacions de la Classificaci\u00f3 Decimal, la del <strong>Cat\u00e0leg Col.lectiu de la Lectura P\u00fablica<\/strong> i la del <strong>Cat\u00e0leg Col.lectiu de la Xarxa de Biblioteques de la Diputaci\u00f3 de Barcelona.<\/strong><br \/>\nEl Departament d&#8217;Educaci\u00f3 ha elaborat el document \u201c<em>Adaptaci\u00f3 de la CDU per a biblioteques escolars d\u2019Infantil, Prim\u00e0ria i Secund\u00e0ria\u201d<\/em> que cont\u00e9 les taules de refer\u00e8ncia per a la classificaci\u00f3 del fons documental del centre . Per l&#8217;\u00fas d&#8217;aquestes taules heu de tenir en compte:<br \/>\n<strong><em><\/em><\/strong><\/p>\n<ul>\n<li style=\"text-align: justify;\"><strong><em>Si la biblioteca p\u00fablica de la vostra localitat forma part del Cat\u00e0leg Col.lectiu de la Lectura P\u00fablica, deixareu el n\u00famero 4 buit i utilitzareu el n\u00famero 8 per Llengua i Literatura.<\/em><\/strong><\/li>\n<\/ul>\n<ul>\n<li style=\"text-align: justify;\"><strong><em> Si la biblioteca p\u00fablica de l&#8217;entorn forma part del Cat\u00e0leg Col.lectiu de la Xarxa de Biblioteques de la Diputaci\u00f3 de Barcelona, utilitzareu el n\u00famero 4 per Llengua i el n\u00famero 8 per literatura.<\/em><\/strong><\/li>\n<\/ul>\n<p style=\"text-align: right;\">Elisa Pardo &#8211; 1r B<\/p>\n<p>Fonts:<br \/>\n<a href=\"http:\/\/www.xtec.cat\/epergam\/CDU\/fitxers\/cdu.htm\">http:\/\/www.xtec.cat\/epergam\/CDU\/fitxers\/cdu.htm<\/a><br \/>\n<a href=\"http:\/\/www.taranco.eu\/cdu\/index.htm\">http:\/\/www.taranco.eu\/cdu\/index.htm<\/a><br \/>\n<a href=\"http:\/\/dpto.educacion.navarra.es\/publicaciones\/pdf\/cdu_cas.pdf\"> http:\/\/dpto.educacion.navarra.es\/publicaciones\/pdf\/cdu_cas.pdf<\/a><br \/>\n<a href=\"http:\/\/www.udcc.org\/udcsummary\/php\/index.php?lang=ca\"> http:\/\/www.udcc.org\/udcsummary\/php\/index.php?lang=ca<\/a><\/p>\n<p style=\"text-align: justify;\">\n","protected":false},"excerpt":{"rendered":"<p>El misteri del n\u00famero 4 Quan a classe de Taller de Lleng\u00fces vam estudiar la CDU (la Classificaci\u00f3 Decimal Universal), vam veure que tots els n\u00fameros, menys el 4, tenien assignada una mat\u00e8ria. El n\u00famero 4 estava vacant. Per\u00f2, ai, &hellip; <a href=\"https:\/\/www.revista-insaiguaviva.org\/curs2011-2012\/llengua-catalana\/taller-de-llengues\/\">Continua llegint <span class=\"meta-nav\">&rarr;<\/span><\/a><\/p>\n","protected":false},"author":3,"featured_media":0,"parent":124,"menu_order":0,"comment_status":"closed","ping_status":"closed","template":"","meta":{"footnotes":""},"class_list":["post-239","page","type-page","status-publish","hentry"],"_links":{"self":[{"href":"https:\/\/www.revista-insaiguaviva.org\/curs2011-2012\/wp-json\/wp\/v2\/pages\/239","targetHints":{"allow":["GET"]}}],"collection":[{"href":"https:\/\/www.revista-insaiguaviva.org\/curs2011-2012\/wp-json\/wp\/v2\/pages"}],"about":[{"href":"https:\/\/www.revista-insaiguaviva.org\/curs2011-2012\/wp-json\/wp\/v2\/types\/page"}],"author":[{"embeddable":true,"href":"https:\/\/www.revista-insaiguaviva.org\/curs2011-2012\/wp-json\/wp\/v2\/users\/3"}],"replies":[{"embeddable":true,"href":"https:\/\/www.revista-insaiguaviva.org\/curs2011-2012\/wp-json\/wp\/v2\/comments?post=239"}],"version-history":[{"count":33,"href":"https:\/\/www.revista-insaiguaviva.org\/curs2011-2012\/wp-json\/wp\/v2\/pages\/239\/revisions"}],"predecessor-version":[{"id":1042,"href":"https:\/\/www.revista-insaiguaviva.org\/curs2011-2012\/wp-json\/wp\/v2\/pages\/239\/revisions\/1042"}],"up":[{"embeddable":true,"href":"https:\/\/www.revista-insaiguaviva.org\/curs2011-2012\/wp-json\/wp\/v2\/pages\/124"}],"wp:attachment":[{"href":"https:\/\/www.revista-insaiguaviva.org\/curs2011-2012\/wp-json\/wp\/v2\/media?parent=239"}],"curies":[{"name":"wp","href":"https:\/\/api.w.org\/{rel}","templated":true}]}}