{"id":251,"date":"2011-11-18T08:11:13","date_gmt":"2011-11-18T08:11:13","guid":{"rendered":"https:\/\/revista-insaiguaviva.org\/curs2011-2012\/?page_id=251"},"modified":"2012-09-04T22:10:16","modified_gmt":"2012-09-04T20:10:16","slug":"associacio-astronomica-de-sabadell","status":"publish","type":"page","link":"https:\/\/www.revista-insaiguaviva.org\/curs2011-2012\/sortides-2\/associacio-astronomica-de-sabadell\/","title":{"rendered":"Associaci\u00f3 Astron\u00f2mica de Sabadell"},"content":{"rendered":"<p><span style=\"font-family: Arial; font-size: medium;\">Per fi el dia de l&#8217;excursi\u00f3 a Sabadell, al planetari, que va organitzar la Maripaz per veure els or\u00edgens dels planetes, el seu tamany&#8230;<\/span><\/p>\n<div id=\":86\">\n<div id=\":87\">\n<div>\n<div dir=\"ltr\">\n<div><span style=\"font-family: Arial; font-size: medium;\"><br \/>\n<\/span><\/div>\n<div style=\"text-align: justify;\"><span style=\"font-family: Arial; font-size: medium;\">Doncs b\u00e9, vam arribar a l&#8217;institut a les vuit menys cinc, com tots els dies. Les nostres tutores, de les tres classes, van passar llista per veure si faltava alg\u00fa.\u00a0 D<a href=\"https:\/\/revista-insaiguaviva.org\/curs2011-2012\/wp-content\/uploads\/2011\/11\/resized_012.jpg\"><img loading=\"lazy\" decoding=\"async\" class=\"alignright size-thumbnail wp-image-347\" title=\"resized_012\" src=\"https:\/\/revista-insaiguaviva.org\/curs2011-2012\/wp-content\/uploads\/2011\/11\/resized_012-150x150.jpg\" alt=\"\" width=\"150\" height=\"150\" \/><\/a>oncs no, hi \u00e9rem tots. Al cap de cins minuts ens vam posar en marxa, perqu\u00e8 si no perdr\u00edem el tren a Montcada, i de Montcada a Sabadell, i despr\u00e9s a caminar&#8230; Mare meva! Quin embolic! Quan vam arribar a Sabadell, vam esmorzar a un parc molt bonic on tots parlaven, jugaven, es feien fotografies&#8230;<\/span><\/div>\n<div style=\"text-align: justify;\"><span style=\"font-family: Arial; font-size: medium;\">En acabar d&#8217;esmorzar, els grups A i C van anar a veure un video sobre planetes; naturalment, mentre nosaltres vam anar a veure el Sol, un monitor va mencionar que no pod\u00edem veure&#8217;l amb un telescopi o amb un lupa&#8230; perqu\u00e8 si no ens cremar\u00edem els ulls i aix\u00f2 no ens agrada a ning\u00fa. B\u00e9, doncs tots vam mirar el Sol amb el telescopi, per\u00f2, tranquils, que el vam mirar amb una mena de protector, (\u00e9s com el paper de plata). Era impressionant.\u00a0 Nosaltres vam poder mirar el Sol, per\u00f2\u00a0 els altres grups no van tenir tanta sort, perqu\u00e8 els n\u00favols el tapaven.<\/span><\/div>\n<div style=\"text-align: justify;\"><span style=\"font-family: Arial; font-size: medium;\"><br \/>\n<\/span><\/div>\n<div style=\"text-align: justify;\"><span style=\"font-family: Arial; font-size: medium;\">Ja era l&#8217;hora. Hav\u00edem de marxar. Una alta vegada vegada aquell emboli: de Sabadell a Montcada, de Montcada a Sabadell, despr\u00e9s anar a peu, o era al principi que hav\u00edem de caminar una miqueta? No ho s\u00e9, tant fa.<\/span><\/div>\n<div>Anastasia Untila 1r. B<\/div>\n<div><a href=\"https:\/\/revista-insaiguaviva.org\/curs2011-2012\/wp-content\/uploads\/2011\/11\/resized_013.jpg\"><img loading=\"lazy\" decoding=\"async\" class=\"alignnone size-thumbnail wp-image-349\" title=\"resized_013\" src=\"https:\/\/revista-insaiguaviva.org\/curs2011-2012\/wp-content\/uploads\/2011\/11\/resized_013-150x150.jpg\" alt=\"\" width=\"150\" height=\"150\" \/><\/a><a href=\"https:\/\/revista-insaiguaviva.org\/curs2011-2012\/wp-content\/uploads\/2011\/11\/resized_0081.jpg\"><img loading=\"lazy\" decoding=\"async\" class=\"alignnone size-thumbnail wp-image-348\" title=\"resized_008\" src=\"https:\/\/revista-insaiguaviva.org\/curs2011-2012\/wp-content\/uploads\/2011\/11\/resized_0081-150x150.jpg\" alt=\"\" width=\"150\" height=\"150\" \/><\/a><a href=\"https:\/\/revista-insaiguaviva.org\/curs2011-2012\/wp-content\/uploads\/2011\/11\/resized_0111.jpg\"><img loading=\"lazy\" decoding=\"async\" class=\"alignnone size-thumbnail wp-image-351\" title=\"resized_011\" src=\"https:\/\/revista-insaiguaviva.org\/curs2011-2012\/wp-content\/uploads\/2011\/11\/resized_0111-150x150.jpg\" alt=\"\" width=\"150\" height=\"150\" \/><\/a><\/div>\n<div>____________________________________________________________________________<\/div>\n<\/div>\n<\/div>\n<\/div>\n<\/div>\n","protected":false},"excerpt":{"rendered":"<p>Per fi el dia de l&#8217;excursi\u00f3 a Sabadell, al planetari, que va organitzar la Maripaz per veure els or\u00edgens dels planetes, el seu tamany&#8230; Doncs b\u00e9, vam arribar a l&#8217;institut a les vuit menys cinc, com tots els dies. Les &hellip; <a href=\"https:\/\/www.revista-insaiguaviva.org\/curs2011-2012\/sortides-2\/associacio-astronomica-de-sabadell\/\">Continua llegint <span class=\"meta-nav\">&rarr;<\/span><\/a><\/p>\n","protected":false},"author":3,"featured_media":0,"parent":248,"menu_order":0,"comment_status":"closed","ping_status":"closed","template":"","meta":{"footnotes":""},"class_list":["post-251","page","type-page","status-publish","hentry"],"_links":{"self":[{"href":"https:\/\/www.revista-insaiguaviva.org\/curs2011-2012\/wp-json\/wp\/v2\/pages\/251","targetHints":{"allow":["GET"]}}],"collection":[{"href":"https:\/\/www.revista-insaiguaviva.org\/curs2011-2012\/wp-json\/wp\/v2\/pages"}],"about":[{"href":"https:\/\/www.revista-insaiguaviva.org\/curs2011-2012\/wp-json\/wp\/v2\/types\/page"}],"author":[{"embeddable":true,"href":"https:\/\/www.revista-insaiguaviva.org\/curs2011-2012\/wp-json\/wp\/v2\/users\/3"}],"replies":[{"embeddable":true,"href":"https:\/\/www.revista-insaiguaviva.org\/curs2011-2012\/wp-json\/wp\/v2\/comments?post=251"}],"version-history":[{"count":9,"href":"https:\/\/www.revista-insaiguaviva.org\/curs2011-2012\/wp-json\/wp\/v2\/pages\/251\/revisions"}],"predecessor-version":[{"id":1025,"href":"https:\/\/www.revista-insaiguaviva.org\/curs2011-2012\/wp-json\/wp\/v2\/pages\/251\/revisions\/1025"}],"up":[{"embeddable":true,"href":"https:\/\/www.revista-insaiguaviva.org\/curs2011-2012\/wp-json\/wp\/v2\/pages\/248"}],"wp:attachment":[{"href":"https:\/\/www.revista-insaiguaviva.org\/curs2011-2012\/wp-json\/wp\/v2\/media?parent=251"}],"curies":[{"name":"wp","href":"https:\/\/api.w.org\/{rel}","templated":true}]}}