{"id":253,"date":"2011-11-18T08:11:28","date_gmt":"2011-11-18T08:11:28","guid":{"rendered":"https:\/\/revista-insaiguaviva.org\/curs2011-2012\/?page_id=253"},"modified":"2012-09-04T22:11:14","modified_gmt":"2012-09-04T20:11:14","slug":"visita-a-can-mula","status":"publish","type":"page","link":"https:\/\/www.revista-insaiguaviva.org\/curs2011-2012\/sortides-2\/visita-a-can-mula\/","title":{"rendered":"Visita a Can Mul\u00e0"},"content":{"rendered":"<p style=\"text-align: justify;\">La setmana passada els diferents grups de <strong><em>Taller de Lleng\u00fces<\/em><\/strong> vam anar a la Biblioteca de Can Mul\u00e0 per tal que la Susanna ens expliqu\u00e9s<em> in situ<\/em> com funciona i quins serveis ens ofereix la biblioteca.<\/p>\n<p style=\"text-align: justify;\">Aquestes s\u00f3n algunes de les vostres opinions despr\u00e9s de la visita.<\/p>\n<p style=\"text-align: justify;\"><em>&#8220;La visita de la biblioteca va estar bastant b\u00e9 pels que no sabien on hi havia res, pero jo hi vaig sovint a la Biblioteca de Can Mul\u00e0 i sempre agafo una revista mensual de videoconsoles que m&#8217;agrada molt i despr\u00e9s sempre pujo a dalt a llegir el diari esportiu. La Susanna ens ho va ensenyar tot molt b\u00e9 i ja no hi tinc res m\u00e9s a dir.&#8221;<\/em><\/p>\n<p style=\"text-align: justify;\"><em><\/em>Joan Navarro S\u00e1nchez- 1r A ESO<\/p>\n<p style=\"text-align: justify;\">______________________________________________________________________<\/p>\n<p style=\"text-align: justify;\">&#8220;D<em>ijous passat, dia 17, vam anar a la biblioteca de Can Mul\u00e0 perqu\u00e8 a Taller de lleng\u00fces estem treballant com s&#8217;organitza una biblioteca.<\/em><br \/>\n<em>Ens van ensenyar, una mica, el que ja ens havien explicat: a<\/em><em>ll\u00f2 del cat\u00e0leg, les obres de refer\u00e8ncia&#8230; Per\u00f2, crec que aquesta excursi\u00f3 serv\u00eda perqu\u00e8 ens quedin les coses millor al cap si ens ho explica una persona especialitzada en aquest tema. &#8220;<\/em><\/p>\n<p style=\"text-align: justify;\"><em>\u00a0<\/em>Martina Azlor &#8211; 1r C ESO<\/p>\n<p style=\"text-align: justify;\"><a href=\"https:\/\/revista-insaiguaviva.org\/curs2011-2012\/wp-content\/uploads\/2011\/11\/resized_0211.jpg\"><img loading=\"lazy\" decoding=\"async\" class=\"alignnone size-full wp-image-397\" title=\"resized_021\" src=\"https:\/\/revista-insaiguaviva.org\/curs2011-2012\/wp-content\/uploads\/2011\/11\/resized_0211.jpg\" alt=\"\" width=\"431\" height=\"326\" \/><\/a><\/p>\n<p style=\"text-align: justify;\">__________________________________________________________________________<\/p>\n<p style=\"text-align: justify;\"><em>&#8220;Dimecres, dia 16 de novembre, vam fer una sortida a la biblioteca de Can Mul\u00e0. Vam sortir de l\u00b4Institut, i vam anar caminant, fins que vam arribar-hi.<\/em><br \/>\n<em> Quan vam entrar, tothom estava molt callat. Una noia, que es deia<\/em><em> Susanna, ens va rebre a tots. Despr\u00e9s, ens va dir que teniem que deixar les motxiles a una sala que hi havia per all\u00e0, era una sala infantil. Ens va<\/em><em> explicar una mica com anava i de qu\u00e8 s\u00b4encarregaven a la biblioteca. M\u00e9s<\/em><em> tard, ens va ensenyar i explicar tot el que hi havia a la sala d\u00b4avall. Al cap d\u00b4una estona, vam pujar a una altra sala, on hi havien molts diccionaris de diferents lleng\u00fces.<\/em><br \/>\n<em> Despr\u00e9s, vam tornar a baixar, vam agafar les motxiles i ens en vam anar a casa.&#8221; \u00a0\u00a0\u00a0 <\/em><\/p>\n<p style=\"text-align: justify;\"><em><\/em>Judith Monfort Ciudad &#8211; 1r A ESO<\/p>\n<p>&nbsp;<\/p>\n<p style=\"text-align: justify;\"><a href=\"https:\/\/revista-insaiguaviva.org\/curs2011-2012\/wp-content\/uploads\/2011\/11\/resized_031.jpg\"><img decoding=\"async\" class=\"alignnone size-full wp-image-398\" title=\"resized_031\" src=\"https:\/\/revista-insaiguaviva.org\/curs2011-2012\/wp-content\/uploads\/2011\/11\/resized_031.jpg\" alt=\"\" \/><\/a><\/p>\n<p style=\"text-align: justify;\">I si voleu veure m\u00e9s fotos, aneu a l&#8217;\u00e0lbum Picassa de l&#8217;institut, a l&#8217;adre\u00e7a <a title=\"CAN MUL\u00c0\" href=\"https:\/\/picasaweb.google.com\/118000727510269724077\/VISITAACANMULA#\">https:\/\/picasaweb.google.com\/118000727510269724077\/VISITAACANMULA#<\/a><\/p>\n<p style=\"text-align: justify;\">\n","protected":false},"excerpt":{"rendered":"<p>La setmana passada els diferents grups de Taller de Lleng\u00fces vam anar a la Biblioteca de Can Mul\u00e0 per tal que la Susanna ens expliqu\u00e9s in situ com funciona i quins serveis ens ofereix la biblioteca. Aquestes s\u00f3n algunes de &hellip; <a href=\"https:\/\/www.revista-insaiguaviva.org\/curs2011-2012\/sortides-2\/visita-a-can-mula\/\">Continua llegint <span class=\"meta-nav\">&rarr;<\/span><\/a><\/p>\n","protected":false},"author":3,"featured_media":0,"parent":248,"menu_order":0,"comment_status":"closed","ping_status":"closed","template":"","meta":{"footnotes":""},"class_list":["post-253","page","type-page","status-publish","hentry"],"_links":{"self":[{"href":"https:\/\/www.revista-insaiguaviva.org\/curs2011-2012\/wp-json\/wp\/v2\/pages\/253","targetHints":{"allow":["GET"]}}],"collection":[{"href":"https:\/\/www.revista-insaiguaviva.org\/curs2011-2012\/wp-json\/wp\/v2\/pages"}],"about":[{"href":"https:\/\/www.revista-insaiguaviva.org\/curs2011-2012\/wp-json\/wp\/v2\/types\/page"}],"author":[{"embeddable":true,"href":"https:\/\/www.revista-insaiguaviva.org\/curs2011-2012\/wp-json\/wp\/v2\/users\/3"}],"replies":[{"embeddable":true,"href":"https:\/\/www.revista-insaiguaviva.org\/curs2011-2012\/wp-json\/wp\/v2\/comments?post=253"}],"version-history":[{"count":6,"href":"https:\/\/www.revista-insaiguaviva.org\/curs2011-2012\/wp-json\/wp\/v2\/pages\/253\/revisions"}],"predecessor-version":[{"id":1027,"href":"https:\/\/www.revista-insaiguaviva.org\/curs2011-2012\/wp-json\/wp\/v2\/pages\/253\/revisions\/1027"}],"up":[{"embeddable":true,"href":"https:\/\/www.revista-insaiguaviva.org\/curs2011-2012\/wp-json\/wp\/v2\/pages\/248"}],"wp:attachment":[{"href":"https:\/\/www.revista-insaiguaviva.org\/curs2011-2012\/wp-json\/wp\/v2\/media?parent=253"}],"curies":[{"name":"wp","href":"https:\/\/api.w.org\/{rel}","templated":true}]}}