{"id":740,"date":"2012-02-29T12:03:13","date_gmt":"2012-02-29T12:03:13","guid":{"rendered":"https:\/\/revista-insaiguaviva.org\/curs2011-2012\/?page_id=740"},"modified":"2012-09-04T22:26:08","modified_gmt":"2012-09-04T20:26:08","slug":"cuentos","status":"publish","type":"page","link":"https:\/\/www.revista-insaiguaviva.org\/curs2011-2012\/llengua-catalana\/lengua-castellana\/cuentos\/","title":{"rendered":"Cuentos"},"content":{"rendered":"<p style=\"text-align: justify;\"><strong>UN RATONCILLO LISTILLO<\/strong><\/p>\n<p style=\"text-align: justify;\">\u00c9rase una vez un ratoncillo muy peque\u00f1o, llamado P\u00e9rez. Tan peque\u00f1o, tan peque\u00f1o, que cuando sus compa\u00f1eros le llamaban, \u00e9l ten\u00eda que encender una cerilla para que le vieran. En el cole siempre le hac\u00edan burla por su peque\u00f1o tama\u00f1o, pero a \u00e9l le daba igual y se hac\u00eda el sordo a todo lo que le dec\u00edan.<\/p>\n<p style=\"text-align: justify;\">Se re\u00edan de que cuando bajaba las escaleras era el \u00faltimo en llegar a la puerta, porque sus patitas eran muy peque\u00f1as, se burlaban de \u00e9l porque no pod\u00eda estar sentado en la silla porque no llegaba al pupitre del cole.Cuando ten\u00edan una fiesta las ratoncitas no quer\u00edan bailar con \u00e9l porque dec\u00edan que se lo pod\u00edan poner en el bolsillo. Pero todo esto a P\u00e9rez no le preocupaba. \u00c9l era un ratoncillo feliz, y los dem\u00e1s no acababan de entender el porqu\u00e9. Sin embargo, de lo que algunos no se daban cuenta era de que \u00e9l ten\u00eda un secreto, era que P\u00e9rez era el \u00fanico rat\u00f3n que no ca\u00eda en las trampas de los humanos. Cuando hab\u00eda que sortear las trampas para llegar a la madriguera, P\u00e9rez se las arreglaba para moverse con agilidad y no pisar nunca en el mecanismo que activaba las trampas.Muchos ratones mor\u00edan cada d\u00eda por culpa de las trampas, y el que ten\u00eda m\u00e1s habilidad para sortearlas, sin problemas, era P\u00e9rez. Adem\u00e1s, cuando alg\u00fan hombre sal\u00eda en busca de los ratones para cazarlos, P\u00e9rez se escond\u00eda en los agujeros del queso y nunca le pillaban. \u00c9l era el \u00fanico, por su tama\u00f1o, que pod\u00eda hacer eso.<\/p>\n<p style=\"text-align: justify;\">Lleg\u00f3 un d\u00eda, en que todos los j\u00f3venes ratoncitos quer\u00edan ser como P\u00e9rez, y todas las ratoncitas quer\u00edan ser sus amigas. Y todos los ratones de la madriguera comprendieron que: lo que puede parecer un defecto se puede convertir, si sabes usarlo con habilidad, en una gran virtud.<\/p>\n<p style=\"text-align: justify;\">Ili\u00e0 Castellarnau 1r. ESO C<\/p>\n<p style=\"text-align: justify;\">____________________________________________________________<\/p>\n<p><strong>EL MAGO DEL BOSQUE<\/strong><\/p>\n<p>Iba una vez un ni\u00f1o por el bosque buscando fruta, y tanto busc\u00f3 y busc\u00f3 que lleg\u00f3 la noche y se perdi\u00f3. Estuvo dando vueltas durante mucho tiempo, hasta que a lo lejos escuch\u00f3 un gran alboroto. Se acerc\u00f3 y descubri\u00f3 que el ruido proced\u00eda de una peque\u00f1a casita donde brillaba una luz, y pens\u00f3 en pasar la noche con aquella gente.<br \/>\nLlam\u00f3 varias veces, pero como nadie abr\u00eda la puerta y segu\u00eda habiendo un ruido enorme, decidi\u00f3 entrar. Al instante, se hizo un gran silencio, y se encontr\u00f3 con miles de ojos que le miraban asustados: vasos, espejos, cuadros, sillas&#8230; \u00a1todo en aquella casa estaba vivo! \u00a1y le miraba!<br \/>\n&#8211; Buenas noches &#8211; dijo el ni\u00f1o.<br \/>\nY de nuevo comenz\u00f3 un alboroto enorme de respuestas y alegria:<br \/>\n&#8211; Uff, qu\u00e9 miedo &#8211; oy\u00f3 que dec\u00edan algunos<br \/>\n&#8211; Bah, es s\u00f3lo un chiquillo- escuch\u00f3 a sus espaldas. Y el molesto ruido de voces sigui\u00f3 por un buen rato&#8230;.<br \/>\n&#8211; \u00a1\u00a1\u00a1Silencio!!! &#8211; grit\u00f3 harto de tanto ruido el ni\u00f1o &#8211; \u00bfd\u00f3nde estoy?<br \/>\nY nuevamente respondieron todos a la vez.<br \/>\n&#8211; \u00a1\u00a1 Callaos, por favor!! &#8211; suplic\u00f3. &#8211; T\u00fa, la mesa, por favor, contesta, \u00bfqui\u00e9n manda aqu\u00ed? \u00bfy por qu\u00e9 est\u00e1is todos vivos?<br \/>\n&#8211; Aqu\u00ed mandaba esa varita m\u00e1gica que est\u00e1 junto a tus pies, pero ya no le queda nada de magia, la reparti\u00f3 entre todos.<br \/>\nEfectivamente, una peque\u00f1a varita a sus pies era el \u00fanico objeto que no parec\u00eda estar vivo. Comprendiendo que aquel era el origen de tal desorden, pens\u00f3 en tratar de arreglarlo.<br \/>\n&#8211; \u00bfY no os da verg\u00fcenza ser tan ego\u00edstas? \u00bfpor qu\u00e9 no le devolv\u00e9is un poquito de su magia?<br \/>\nUn peque\u00f1o murmullo egoista empezaba a llenar la habitaci\u00f3n, cuando el viejo espejo susurr\u00f3, &#8220;vale, de acuerdo&#8221;, y haciendo una gota dorada con uno de sus ojos, la dej\u00f3 caer sobre la varita, que comenz\u00f3 a toser un poco.<br \/>\n&#8211; \u00a1Est\u00e1 viva! &#8211; se alegr\u00f3 un libro. Y tambi\u00e9n le dio su gotita dorada de magia.<br \/>\nY as\u00ed, todos fueron cediendo parte de su magia a la varita, que recuper\u00f3 un aspecto brillante y divertido, adornado con cientos de colores. Y llena de alegr\u00eda fue a posarse en la mano del ni\u00f1o, que al momento se cubri\u00f3 con una nube de estrellas para aparecer vestido de mago. Y as\u00ed fue como aquel ni\u00f1o se convirti\u00f3 en el mago del bosque, y con alegr\u00eda y sabidur\u00eda sigui\u00f3 animando a todos a compartir lo que ten\u00edan.<\/p>\n<p>Pau Pascual 1r. C<\/p>\n<p>____________________________________________________________<\/p>\n<p><strong>EL DIABLO EN EL ESPEJO<\/strong><\/p>\n<p>Hola, mi nombre es Judit, esta historia es un hecho real. Todo empez\u00f3 cuando estaba en una fiesta con mis amigas en un parque cerca del cementerio. Est\u00e1bamos hablando hasta que, no s\u00e9 c\u00f3mo, empezamos a contarnos historias de miedo. Todas eran terror\u00edficas y est\u00e1bamos muy asustadas. Al cabo de un rato un chaval g\u00f3tico se acerc\u00f3 a nosotras y nos dijo que \u00e9l sab\u00eda una forma de ver al diablo. Est\u00e1bamos escuchando muy atentamente, y nos dijo que solo hab\u00eda una manera de poder verlo. En el \u00faltimo d\u00eda de Halloween, justamente a las 24.00h, el diablo se asoma a la Tierra para controlarnos, as\u00ed que si quer\u00edamos verle ten\u00eda que ser ese mismo d\u00eda y a esa misma hora. Consist\u00eda en que ten\u00edas que estar en el lavabo, puesto que era el lugar propicio para realizar el evento, y cerrar la puerta. Ten\u00edas que encender 12 velas, si era posible negras, y ponerte enfrente del espejo. Cuando quedara poco tiempo para las 12, tenias que cerrar los ojos, sentado junto al espejo, y cuando tocaran las 12 campanadas en el \u00faltimo segundo ten\u00edas que mirar el espejo y entonces ver\u00edas al diablo. Nosotras no nos lo cre\u00edamos, entonces decidimos comprobarlo. Laia, que era la mas valiente, dijo que lo har\u00eda ella misma, ya que ninguna de nosotras lo quer\u00eda hacer. Cre\u00edmos que no lo har\u00eda y entonces decidimos turnarnos para vigilarla.<br \/>\nLleg\u00f3 el d\u00eda. Ya estaba todo preparado. Eran las 11.55. Seguidamente Laia encendi\u00f3 las velas y se sent\u00f3 y cerr\u00f3 los ojos. Entonces sonaron las campanadas, 1\u20262\u20263\u20264\u20265\u20267\u20268\u20269\u202610\u202611\u2026y 12! Yo, desesperada por ver que hab\u00eda ocurrido, llam\u00e9 a la puerta. No se escuchaba nada. Entonces decid\u00ed abrir y me encontr\u00e9 a Laia frente al espejo, quieta, mir\u00e1ndolo con ojos como naranjas. Me acerqu\u00e9 y not\u00e9 que el coraz\u00f3n le iba a cien por hora. Le pregunt\u00e9 qu\u00e9 hab\u00eda sucedido. Ella, asustada, me mir\u00f3 y me dijo que lo hab\u00eda visto, hab\u00eda visto al diablo! Se gir\u00f3 y se qued\u00f3 mirando el espejo como si estuviera pose\u00edda. De repente cay\u00f3 al suelo. Yo, asustada, llam\u00e9 a la ambulancia. \u00a1Hab\u00eda perdido el conocimiento! Estuvo una semana en el hospital. Cuando lleg\u00f3 a casa aun pod\u00eda ver que segu\u00eda estando asustada. Ella me dijo que aun as\u00ed, estando en el hospital, no pod\u00eda dejar de pensar en aquella imagen, la del rostro del diablo.<\/p>\n<p>Irene L\u00f3pez 1rC<\/p>\n<p>___________________________________________________________<\/p>\n<p style=\"text-align: justify;\"><strong>LA MALDICI\u00d3N DEL COLLAR<\/strong><\/p>\n<p>Era una vez dos chicos que paseaban por la calle, hab\u00eda una parada de collares y la chica quiso uno. Todos ten\u00edan una maldici\u00f3n diferente. Se compr\u00f3 uno. Cuando se lo puso se le vio una luz reluciente. Nadie se dio cuenta y se\u00a0 fueron tranquilamente a su casa porque ya era de noche. A la hora de cenar se lo quit\u00f3 para no mancharse. Cuando acab\u00f3 de cenar se lo volvi\u00f3 a poner y se volvi\u00f3 a ver la luz y entonces el chico se dio cuenta, se asust\u00f3 y se lo dijo a su novia. Ella intent\u00f3 sac\u00e1rselo pero no pudo y se fue a dormir con el collar puesto.<\/p>\n<p style=\"text-align: justify;\">Al d\u00eda siguiente se fueron a la monta\u00f1a de excursi\u00f3n para pasar el d\u00eda. Cuando aparcaron el coche se fueron a pasear por la monta\u00f1a. Paseaban tranquilamente, se encontraron una cueva y entraron. De repente, se oy\u00f3 un ruido aterrador. Ellos los escucharon pero pensaron que no era nada y siguieron entrando en la cueva. De golpe, se abri\u00f3 un agujero en el suelo y se los trag\u00f3.\u00a0 Estuvieron cayendo un buen rato hacia el centro de la tierra y aparecieron en otro mundo. Cuando aterrizaron, se quedaron sorprendidos al ver que ese era el mismo lugar donde viv\u00edan y se volv\u00eda a repetir el d\u00eda de ayer. Estuvieron varios d\u00edas viviendo el mismo d\u00eda, hasta que una tarde paseando se le enganch\u00f3 el collar en un hierro de la pared y se rompi\u00f3. Y fue entonces cuando volvieron a estar de nuevo en la cueva donde hab\u00edan desaparecido.<\/p>\n<p style=\"text-align: justify;\">Xavier Farr\u00e9 1r. ESO B<\/p>\n<p style=\"text-align: justify;\">_______________________________________________________________________<\/p>\n<p style=\"text-align: justify;\">\n","protected":false},"excerpt":{"rendered":"<p>UN RATONCILLO LISTILLO \u00c9rase una vez un ratoncillo muy peque\u00f1o, llamado P\u00e9rez. Tan peque\u00f1o, tan peque\u00f1o, que cuando sus compa\u00f1eros le llamaban, \u00e9l ten\u00eda que encender una cerilla para que le vieran. En el cole siempre le hac\u00edan burla por &hellip; <a href=\"https:\/\/www.revista-insaiguaviva.org\/curs2011-2012\/llengua-catalana\/lengua-castellana\/cuentos\/\">Continua llegint <span class=\"meta-nav\">&rarr;<\/span><\/a><\/p>\n","protected":false},"author":3,"featured_media":0,"parent":611,"menu_order":0,"comment_status":"closed","ping_status":"closed","template":"","meta":{"footnotes":""},"class_list":["post-740","page","type-page","status-publish","hentry"],"_links":{"self":[{"href":"https:\/\/www.revista-insaiguaviva.org\/curs2011-2012\/wp-json\/wp\/v2\/pages\/740","targetHints":{"allow":["GET"]}}],"collection":[{"href":"https:\/\/www.revista-insaiguaviva.org\/curs2011-2012\/wp-json\/wp\/v2\/pages"}],"about":[{"href":"https:\/\/www.revista-insaiguaviva.org\/curs2011-2012\/wp-json\/wp\/v2\/types\/page"}],"author":[{"embeddable":true,"href":"https:\/\/www.revista-insaiguaviva.org\/curs2011-2012\/wp-json\/wp\/v2\/users\/3"}],"replies":[{"embeddable":true,"href":"https:\/\/www.revista-insaiguaviva.org\/curs2011-2012\/wp-json\/wp\/v2\/comments?post=740"}],"version-history":[{"count":10,"href":"https:\/\/www.revista-insaiguaviva.org\/curs2011-2012\/wp-json\/wp\/v2\/pages\/740\/revisions"}],"predecessor-version":[{"id":1036,"href":"https:\/\/www.revista-insaiguaviva.org\/curs2011-2012\/wp-json\/wp\/v2\/pages\/740\/revisions\/1036"}],"up":[{"embeddable":true,"href":"https:\/\/www.revista-insaiguaviva.org\/curs2011-2012\/wp-json\/wp\/v2\/pages\/611"}],"wp:attachment":[{"href":"https:\/\/www.revista-insaiguaviva.org\/curs2011-2012\/wp-json\/wp\/v2\/media?parent=740"}],"curies":[{"name":"wp","href":"https:\/\/api.w.org\/{rel}","templated":true}]}}