{"id":44,"date":"2012-10-23T09:31:08","date_gmt":"2012-10-23T07:31:08","guid":{"rendered":"https:\/\/revista-insaiguaviva.org\/curs2012-2013\/?page_id=44"},"modified":"2012-10-26T20:03:08","modified_gmt":"2012-10-26T18:03:08","slug":"llengua-castellana","status":"publish","type":"page","link":"https:\/\/www.revista-insaiguaviva.org\/curs2012-2013\/activitats\/llengua-castellana\/","title":{"rendered":"Llengua castellana"},"content":{"rendered":"<p><strong>Mi primer d\u00eda de clase en el instituto.<\/strong><\/p>\n<p><em>Los alumnos de primer curso de ESO, en la asignatura de Lengua castellana, han escrito una composici\u00f3n sobre sus impresiones el primer d\u00eda de clase. Estas que pod\u00e9is leer a continuaci\u00f3n son una peque\u00f1a muestra.<\/em><\/p>\n<p>Mi primer d\u00eda en el instituto fue complicado porque me sent\u00eda como si no pudiera afrontar el curso, pero eso se me paso en 3 d\u00edas.<br \/>\nIntent\u00e9 pensar en que si estudio mucho y trabajo en clase podr\u00e9 afrontar este curso. Tambi\u00e9n hice muchos amigos nuevos y todav\u00eda sigo haciendo maravillosos amigos. El primer d\u00eda tambi\u00e9n, cu\u00e1ndo vi a las profesoras pens\u00e9, seguro que son amables y buenas , y s\u00ed lo son. \u00a1\u00a1\u00a1FIN!!!<br \/>\n\u00c0lex Reyes<br \/>\n1\u00ba A<\/p>\n<p>Cuando llegu\u00e9 a la puerta con mis amigas Celia, Marina, Camila y Celia estaba super impaciente por empezar las clases. Ten\u00eda ganas de empezar una nueva etapa, hacer nuevos amigos y amigas, conocer a los profesores, pero sobre todo volver a la rutina de siempre. Estaba harta de estar en casa mirando la tele, jugando a la nintendo o al ordenador. Quer\u00eda tener que levantarme a las siete de la ma\u00f1ana y hacer deberes. Sobretodo estaba impaciente por ver a mis amigos de la escuela. Llevaba dos semanas pregunt\u00e1ndome lo mismo:<br \/>\n-\u00bfHabr\u00e1n cambiado?<br \/>\n-\u00bfSeguir\u00e1n teniendo el mismo car\u00e1cter?<br \/>\nPor fin abrieron las puertas y pudimos entrar. Me sent\u00e9 con Celia y empez\u00f3 la clase.<br \/>\nMireia Fortu\u00f1o<br \/>\n1\u00ba B<\/p>\n<p>El primer d\u00eda de clase fue el 12 de Septiembre; yo estaba muy nerviosa porque no sab\u00eda a\u00fan cual ser\u00eda mi clase ni con qu\u00e9 compa\u00f1eros me tocar\u00eda. Pero cuando nos llamaron para entrar al instituto nos pusieron por clases, a m\u00ed me toc\u00f3 la \u201cA\u201d y mis profesoras se llaman Luz y Bienvenida .<br \/>\nFue un d\u00eda corto, estuvimos leyendo las normas del instituto y tambi\u00e9n nos presentamos como \u00e9ramos un poco cada uno.<br \/>\nAhora estoy contenta porque me gusta c\u00f3mo es el instituto, las clases, los profesores, los compa\u00f1eros, etc.<br \/>\nAlba Rovira<br \/>\n1\u00ba A<\/p>\n<p>Al principio ten\u00eda verg\u00fcenza porque no conoc\u00eda a nadie, pero despu\u00e9s ya me solt\u00e9 e hice amigos. Tambi\u00e9n ten\u00eda miedo de que me preguntaran los profesores y no supiera la respuesta, pero ahora ya estoy acostumbrada. Ya tengo amigos y me lo paso genial excepto en las clases porque no es igual que en primaria y por el horario de levantarse. Ahora las clases son m\u00e1s dif\u00edciles y hay m\u00e1s ex\u00e1menes que antes pero ya me ir\u00e9 acostumbrando.<br \/>\nC\u00e8lia Fern\u00e1ndez<br \/>\n1\u00ba B<\/p>\n<p>El primer d\u00eda de instituto estaba muy nerviosa, ya que empezaba una nueva \u201cetapa\u201d de mi vida.<br \/>\nEntr\u00e9 en mi clase, la n\u00famero cinco y hab\u00eda muchos ni\u00f1os y ni\u00f1as. Nunca hab\u00eda estado en una clase con tantos ni\u00f1os, ya que en mi colegio de primaria no \u00e9ramos m\u00e1s de veinte.<br \/>\nEl primer d\u00eda estuvo muy bien, no hicimos clase, nos presentamos y los profes nos explicaban que \u00edbamos a hacer a lo largo del a\u00f1o y los temas que tendr\u00edamos que trabajar.<br \/>\nEn el patio hice muchas amigas y al final del d\u00eda supe que hice una buena elecci\u00f3n en escoger este instituto.<br \/>\nMiriam Herranz<br \/>\n1\u00ba B<\/p>\n<p>Mi primera impresi\u00f3n sobre el primer d\u00eda de instituto fue genial porque no me esperaba para nada que fuese as\u00ed. Para mi es como otra etapa de mi vida. Y puede que lo que m\u00e1s me gust\u00f3 fue como est\u00e1bamos sentados, y el horario que tenemos, que no vamos por la tarde.<br \/>\nLo que me extra\u00f1\u00f3 fue no ver a mis antiguos compa\u00f1eros, ver a los nuevos compa\u00f1eros que tenia ahora, a algunos loa conoc\u00eda y a otros no.<br \/>\nLas asignaturas que ten\u00eda tambi\u00e9n me gustaron, porque en el colegio no hac\u00edamos tecnolog\u00eda y tampoco laboratorio.<br \/>\nYo ten\u00eda curiosidad por saber si me gustaba o no. Estaba deseando entrar al d\u00eda siguiente para probar nuevas cosas.<br \/>\nY as\u00ed fue m i primer d\u00eda de clase en el instituto.<br \/>\nCarla Torralba<br \/>\n1\u00ba A<\/p>\n","protected":false},"excerpt":{"rendered":"<p>Mi primer d\u00eda de clase en el instituto. Los alumnos de primer curso de ESO, en la asignatura de Lengua castellana, han escrito una composici\u00f3n sobre sus impresiones el primer d\u00eda de clase. Estas que pod\u00e9is leer a continuaci\u00f3n son &hellip; <a href=\"https:\/\/www.revista-insaiguaviva.org\/curs2012-2013\/activitats\/llengua-castellana\/\">Continua llegint <span class=\"meta-nav\">&rarr;<\/span><\/a><\/p>\n","protected":false},"author":3,"featured_media":0,"parent":14,"menu_order":0,"comment_status":"open","ping_status":"open","template":"","meta":{"footnotes":""},"class_list":["post-44","page","type-page","status-publish","hentry"],"_links":{"self":[{"href":"https:\/\/www.revista-insaiguaviva.org\/curs2012-2013\/wp-json\/wp\/v2\/pages\/44","targetHints":{"allow":["GET"]}}],"collection":[{"href":"https:\/\/www.revista-insaiguaviva.org\/curs2012-2013\/wp-json\/wp\/v2\/pages"}],"about":[{"href":"https:\/\/www.revista-insaiguaviva.org\/curs2012-2013\/wp-json\/wp\/v2\/types\/page"}],"author":[{"embeddable":true,"href":"https:\/\/www.revista-insaiguaviva.org\/curs2012-2013\/wp-json\/wp\/v2\/users\/3"}],"replies":[{"embeddable":true,"href":"https:\/\/www.revista-insaiguaviva.org\/curs2012-2013\/wp-json\/wp\/v2\/comments?post=44"}],"version-history":[{"count":6,"href":"https:\/\/www.revista-insaiguaviva.org\/curs2012-2013\/wp-json\/wp\/v2\/pages\/44\/revisions"}],"predecessor-version":[{"id":121,"href":"https:\/\/www.revista-insaiguaviva.org\/curs2012-2013\/wp-json\/wp\/v2\/pages\/44\/revisions\/121"}],"up":[{"embeddable":true,"href":"https:\/\/www.revista-insaiguaviva.org\/curs2012-2013\/wp-json\/wp\/v2\/pages\/14"}],"wp:attachment":[{"href":"https:\/\/www.revista-insaiguaviva.org\/curs2012-2013\/wp-json\/wp\/v2\/media?parent=44"}],"curies":[{"name":"wp","href":"https:\/\/api.w.org\/{rel}","templated":true}]}}