{"id":71,"date":"2012-10-23T18:35:00","date_gmt":"2012-10-23T16:35:00","guid":{"rendered":"https:\/\/revista-insaiguaviva.org\/curs2012-2013\/?page_id=71"},"modified":"2013-01-08T19:54:25","modified_gmt":"2013-01-08T18:54:25","slug":"fem-radio","status":"publish","type":"page","link":"https:\/\/www.revista-insaiguaviva.org\/curs2012-2013\/activitats\/llengua-catalana\/fem-radio\/","title":{"rendered":"Fem r\u00e0dio"},"content":{"rendered":"<p>El segon programa enregistrat pels alumnes de la mat\u00e8ria optativa de r\u00e0dio de 2n. d&#8217;ESO gir\u00e0 entorn del tema de l&#8217;atur. Si voleu sentir-lo punxeu a\u00a0<a href=\"https:\/\/revista-insaiguaviva.org\/curs2012-2013\/wp-content\/uploads\/2012\/10\/INSTITUTS-1.mp3\">INSTITUTS (1)<\/a><\/p>\n<p><a href=\"https:\/\/revista-insaiguaviva.org\/curs2012-2013\/wp-content\/uploads\/2012\/10\/resized_FOTOS-DIVERSES-220.jpg\"><img loading=\"lazy\" decoding=\"async\" class=\"alignnone size-thumbnail wp-image-388\" title=\"resized_FOTOS DIVERSES 220\" src=\"https:\/\/revista-insaiguaviva.org\/curs2012-2013\/wp-content\/uploads\/2012\/10\/resized_FOTOS-DIVERSES-220-150x150.jpg\" alt=\"\" width=\"150\" height=\"150\" \/><\/a><a href=\"https:\/\/revista-insaiguaviva.org\/curs2012-2013\/wp-content\/uploads\/2012\/10\/resized_FOTOS-DIVERSES-221.jpg\"><img loading=\"lazy\" decoding=\"async\" class=\"alignnone size-thumbnail wp-image-389\" title=\"resized_FOTOS DIVERSES 221\" src=\"https:\/\/revista-insaiguaviva.org\/curs2012-2013\/wp-content\/uploads\/2012\/10\/resized_FOTOS-DIVERSES-221-150x150.jpg\" alt=\"\" width=\"150\" height=\"150\" \/><\/a><a href=\"https:\/\/revista-insaiguaviva.org\/curs2012-2013\/wp-content\/uploads\/2012\/10\/resized_FOTOS-DIVERSES-222.jpg\"><img loading=\"lazy\" decoding=\"async\" class=\"alignnone size-thumbnail wp-image-390\" title=\"resized_FOTOS DIVERSES 222\" src=\"https:\/\/revista-insaiguaviva.org\/curs2012-2013\/wp-content\/uploads\/2012\/10\/resized_FOTOS-DIVERSES-222-150x150.jpg\" alt=\"\" width=\"150\" height=\"150\" \/><\/a><\/p>\n<p><a href=\"https:\/\/revista-insaiguaviva.org\/curs2012-2013\/wp-content\/uploads\/2012\/10\/resized_FOTOS-DIVERSES-227.jpg\"><img loading=\"lazy\" decoding=\"async\" class=\"alignnone size-thumbnail wp-image-391\" title=\"resized_FOTOS DIVERSES 227\" src=\"https:\/\/revista-insaiguaviva.org\/curs2012-2013\/wp-content\/uploads\/2012\/10\/resized_FOTOS-DIVERSES-227-150x150.jpg\" alt=\"\" width=\"150\" height=\"150\" \/><\/a><a href=\"https:\/\/revista-insaiguaviva.org\/curs2012-2013\/wp-content\/uploads\/2012\/10\/resized_FOTOS-DIVERSES-235.jpg\"><img loading=\"lazy\" decoding=\"async\" class=\"alignnone size-thumbnail wp-image-392\" title=\"resized_FOTOS DIVERSES 235\" src=\"https:\/\/revista-insaiguaviva.org\/curs2012-2013\/wp-content\/uploads\/2012\/10\/resized_FOTOS-DIVERSES-235-150x150.jpg\" alt=\"\" width=\"150\" height=\"150\" \/><\/a><a href=\"https:\/\/revista-insaiguaviva.org\/curs2012-2013\/wp-content\/uploads\/2012\/10\/resized_FOTOS-DIVERSES-236.jpg\"><img loading=\"lazy\" decoding=\"async\" class=\"alignnone size-thumbnail wp-image-393\" title=\"resized_FOTOS DIVERSES 236\" src=\"https:\/\/revista-insaiguaviva.org\/curs2012-2013\/wp-content\/uploads\/2012\/10\/resized_FOTOS-DIVERSES-236-150x150.jpg\" alt=\"\" width=\"150\" height=\"150\" \/><\/a><\/p>\n<p><a href=\"https:\/\/revista-insaiguaviva.org\/curs2012-2013\/wp-content\/uploads\/2012\/10\/resized_FOTOS-DIVERSES-237.jpg\"><img loading=\"lazy\" decoding=\"async\" class=\"alignnone size-thumbnail wp-image-394\" title=\"resized_FOTOS DIVERSES 237\" src=\"https:\/\/revista-insaiguaviva.org\/curs2012-2013\/wp-content\/uploads\/2012\/10\/resized_FOTOS-DIVERSES-237-150x150.jpg\" alt=\"\" width=\"150\" height=\"150\" \/><\/a><a href=\"https:\/\/revista-insaiguaviva.org\/curs2012-2013\/wp-content\/uploads\/2012\/10\/resized_FOTOS-DIVERSES-239.jpg\"><img loading=\"lazy\" decoding=\"async\" class=\"alignnone size-thumbnail wp-image-395\" title=\"resized_FOTOS DIVERSES 239\" src=\"https:\/\/revista-insaiguaviva.org\/curs2012-2013\/wp-content\/uploads\/2012\/10\/resized_FOTOS-DIVERSES-239-150x150.jpg\" alt=\"\" width=\"150\" height=\"150\" \/><\/a><a href=\"https:\/\/revista-insaiguaviva.org\/curs2012-2013\/wp-content\/uploads\/2012\/10\/resized_FOTOS-DIVERSES-240.jpg\"><img loading=\"lazy\" decoding=\"async\" class=\"alignnone size-thumbnail wp-image-396\" title=\"resized_FOTOS DIVERSES 240\" src=\"https:\/\/revista-insaiguaviva.org\/curs2012-2013\/wp-content\/uploads\/2012\/10\/resized_FOTOS-DIVERSES-240-150x150.jpg\" alt=\"\" width=\"150\" height=\"150\" \/><\/a><\/p>\n<p>&nbsp;<\/p>\n<p>&nbsp;<\/p>\n<p>_________________________________________________________________________<\/p>\n<p><a href=\"https:\/\/revista-insaiguaviva.org\/curs2012-2013\/wp-content\/uploads\/2012\/10\/resized_IMG_1380.jpg\"><img loading=\"lazy\" decoding=\"async\" class=\"alignnone size-thumbnail wp-image-73\" title=\"resized_IMG_1380\" src=\"https:\/\/revista-insaiguaviva.org\/curs2012-2013\/wp-content\/uploads\/2012\/10\/resized_IMG_1380-150x150.jpg\" alt=\"\" width=\"150\" height=\"150\" \/><\/a><a href=\"https:\/\/revista-insaiguaviva.org\/curs2012-2013\/wp-content\/uploads\/2012\/10\/resized_IMG_1381.jpg\"><img loading=\"lazy\" decoding=\"async\" class=\"alignnone size-thumbnail wp-image-74\" title=\"resized_IMG_1381\" src=\"https:\/\/revista-insaiguaviva.org\/curs2012-2013\/wp-content\/uploads\/2012\/10\/resized_IMG_1381-150x150.jpg\" alt=\"\" width=\"150\" height=\"150\" \/><\/a><a href=\"https:\/\/revista-insaiguaviva.org\/curs2012-2013\/wp-content\/uploads\/2012\/10\/resized_IMG_1383.jpg\"><img loading=\"lazy\" decoding=\"async\" class=\"alignnone size-thumbnail wp-image-75\" title=\"resized_IMG_1383\" src=\"https:\/\/revista-insaiguaviva.org\/curs2012-2013\/wp-content\/uploads\/2012\/10\/resized_IMG_1383-150x150.jpg\" alt=\"\" width=\"150\" height=\"150\" \/><\/a><\/p>\n<p>Els alumnes comen\u00e7aren amb un text introductori, que va llegir la Cristina Aguilera:<\/p>\n<p style=\"text-align: justify;\">&#8220;L&#8217;institut Aiguaviva est\u00e0 situat, provisionalment a la Rambla Pompeu Fabra n\u00fam. 1 de Mollet del Vall\u00e8s. \u00c9s un institut de nova creaci\u00f3, que es va inaugurar el curs 2011-12 amb tres grups de 1r. d&#8217;ESO. Enguany hi ha tres grups de segon i tres de primer. Va ser un dels primers instituts a fer la jornada intensiva, la qual encara es mant\u00e9.\u00c9s un institut poc conflictiu. La complicitat que hi ha entre professors i alumnes \u00e9s m\u00e0xima. I entre tots els alumnes de l&#8217;institut tamb\u00e9.&#8221;<\/p>\n<p><a href=\"https:\/\/revista-insaiguaviva.org\/curs2012-2013\/wp-content\/uploads\/2012\/10\/resized_IMG_1385.jpg\">.<\/a><a href=\"https:\/\/revista-insaiguaviva.org\/curs2012-2013\/wp-content\/uploads\/2012\/10\/resized_IMG_1386.jpg\"><img loading=\"lazy\" decoding=\"async\" class=\"alignnone size-thumbnail wp-image-78\" title=\"resized_IMG_1386\" src=\"https:\/\/revista-insaiguaviva.org\/curs2012-2013\/wp-content\/uploads\/2012\/10\/resized_IMG_1386-150x150.jpg\" alt=\"\" width=\"150\" height=\"150\" \/><\/a><a href=\"https:\/\/revista-insaiguaviva.org\/curs2012-2013\/wp-content\/uploads\/2012\/10\/resized_IMG_1387.jpg\"><img loading=\"lazy\" decoding=\"async\" class=\"alignnone size-thumbnail wp-image-79\" title=\"resized_IMG_1387\" src=\"https:\/\/revista-insaiguaviva.org\/curs2012-2013\/wp-content\/uploads\/2012\/10\/resized_IMG_1387-150x150.jpg\" alt=\"\" width=\"150\" height=\"150\" \/><\/a><a href=\"https:\/\/revista-insaiguaviva.org\/curs2012-2013\/wp-content\/uploads\/2012\/10\/resized_IMG_1388.jpg\"><img loading=\"lazy\" decoding=\"async\" class=\"alignnone size-thumbnail wp-image-80\" title=\"resized_IMG_1388\" src=\"https:\/\/revista-insaiguaviva.org\/curs2012-2013\/wp-content\/uploads\/2012\/10\/resized_IMG_1388-150x150.jpg\" alt=\"\" width=\"150\" height=\"150\" \/><\/a><a href=\"https:\/\/revista-insaiguaviva.org\/curs2012-2013\/wp-content\/uploads\/2012\/10\/resized_IMG_1389.jpg\"><img loading=\"lazy\" decoding=\"async\" class=\"alignnone size-thumbnail wp-image-81\" title=\"resized_IMG_1389\" src=\"https:\/\/revista-insaiguaviva.org\/curs2012-2013\/wp-content\/uploads\/2012\/10\/resized_IMG_1389-150x150.jpg\" alt=\"\" width=\"150\" height=\"150\" \/><\/a><a href=\"https:\/\/revista-insaiguaviva.org\/curs2012-2013\/wp-content\/uploads\/2012\/10\/resized_IMG_1392.jpg\"><img loading=\"lazy\" decoding=\"async\" class=\"alignnone size-thumbnail wp-image-82\" title=\"resized_IMG_1392\" src=\"https:\/\/revista-insaiguaviva.org\/curs2012-2013\/wp-content\/uploads\/2012\/10\/resized_IMG_1392-150x150.jpg\" alt=\"\" width=\"150\" height=\"150\" \/><\/a><a href=\"https:\/\/revista-insaiguaviva.org\/curs2012-2013\/wp-content\/uploads\/2012\/10\/resized_IMG_13951.jpg\"><img loading=\"lazy\" decoding=\"async\" class=\"alignnone size-thumbnail wp-image-85\" title=\"resized_IMG_1395\" src=\"https:\/\/revista-insaiguaviva.org\/curs2012-2013\/wp-content\/uploads\/2012\/10\/resized_IMG_13951-150x150.jpg\" alt=\"\" width=\"150\" height=\"150\" \/><\/a><\/p>\n<p><a href=\"https:\/\/revista-insaiguaviva.org\/curs2012-2013\/wp-content\/uploads\/2012\/10\/resized_IMG_1394.jpg\"><img loading=\"lazy\" decoding=\"async\" class=\"alignnone size-thumbnail wp-image-83\" title=\"resized_IMG_1394\" src=\"https:\/\/revista-insaiguaviva.org\/curs2012-2013\/wp-content\/uploads\/2012\/10\/resized_IMG_1394-150x150.jpg\" alt=\"\" width=\"150\" height=\"150\" \/><\/a><a href=\"https:\/\/revista-insaiguaviva.org\/curs2012-2013\/wp-content\/uploads\/2012\/10\/resized_IMG_1396.jpg\"><img loading=\"lazy\" decoding=\"async\" class=\"alignnone size-thumbnail wp-image-86\" title=\"resized_IMG_1396\" src=\"https:\/\/revista-insaiguaviva.org\/curs2012-2013\/wp-content\/uploads\/2012\/10\/resized_IMG_1396-150x150.jpg\" alt=\"\" width=\"150\" height=\"150\" \/><\/a><a href=\"https:\/\/revista-insaiguaviva.org\/curs2012-2013\/wp-content\/uploads\/2012\/10\/resized_IMG_1397.jpg\"><img loading=\"lazy\" decoding=\"async\" class=\"alignnone size-thumbnail wp-image-87\" title=\"resized_IMG_1397\" src=\"https:\/\/revista-insaiguaviva.org\/curs2012-2013\/wp-content\/uploads\/2012\/10\/resized_IMG_1397-150x150.jpg\" alt=\"\" width=\"150\" height=\"150\" \/><\/a><\/p>\n<p><strong>CORRANDES D&#8217;EXILI (Pere Quart)<br \/>\n<\/strong><\/p>\n<p>Una nit de lluna plena \/tramunt\u00e0rem la carena,\/lentament, sense dir re &#8230;\/Si la lluna feia el ple,\/\u00a0 tamb\u00e9 el f\u00e9u la nostra pena.\/ L&#8217;estimada m&#8217;acompanya de pell bruna i aire greu \/(com una Mare de D\u00e9u\/ que han trobat a la muntanya.)<\/p>\n<p>Perqu\u00e8 ens perdoni la guerra, \/ que l&#8217;ensagna, que l&#8217;esguerra,\/abans de passar la ratlla, \/m&#8217;ajec\u00a0i beso la terra \/i l&#8217;acarono amb l&#8217;espatlla.<\/p>\n<p>A Catalunya deix\u00ed\/ el dia de ma partida\/ mitja vida condormida:\/ l&#8217;altra meitat vingu\u00e9 amb mi \/ per no deixar-me sens vida.<\/p>\n<p><a href=\"https:\/\/revista-insaiguaviva.org\/curs2012-2013\/wp-content\/uploads\/2012\/10\/resized_IMG_1398.jpg\"><img loading=\"lazy\" decoding=\"async\" class=\"alignnone size-thumbnail wp-image-88\" title=\"resized_IMG_1398\" src=\"https:\/\/revista-insaiguaviva.org\/curs2012-2013\/wp-content\/uploads\/2012\/10\/resized_IMG_1398-150x150.jpg\" alt=\"\" width=\"150\" height=\"150\" \/><\/a><a href=\"https:\/\/revista-insaiguaviva.org\/curs2012-2013\/wp-content\/uploads\/2012\/10\/resized_IMG_1399.jpg\"><img loading=\"lazy\" decoding=\"async\" class=\"alignnone size-thumbnail wp-image-89\" title=\"resized_IMG_1399\" src=\"https:\/\/revista-insaiguaviva.org\/curs2012-2013\/wp-content\/uploads\/2012\/10\/resized_IMG_1399-150x150.jpg\" alt=\"\" width=\"150\" height=\"150\" \/><\/a><a href=\"https:\/\/revista-insaiguaviva.org\/curs2012-2013\/wp-content\/uploads\/2012\/10\/resized_IMG_1400.jpg\"><img loading=\"lazy\" decoding=\"async\" class=\"alignnone size-thumbnail wp-image-90\" title=\"resized_IMG_1400\" src=\"https:\/\/revista-insaiguaviva.org\/curs2012-2013\/wp-content\/uploads\/2012\/10\/resized_IMG_1400-150x150.jpg\" alt=\"\" width=\"150\" height=\"150\" \/><\/a><\/p>\n<p>Avui en terres de Fran\u00e7a\/ i dem\u00e0 m\u00e9s lluny potser,\/ no em morir\u00e9 d&#8217;anyoran\u00e7a \/ ans d&#8217;enyoran\u00e7a viur\u00e9.<\/p>\n<p>En ma terra del Vall\u00e8s\/ tres turons fan una serra,\/ quatre pins un bosc esp\u00e8s,\/ cinc quarteres massa terra. \/ &#8220;Com el Vall\u00e8s no hi ha res&#8221;.<\/p>\n<p>Que els pins cenyeixin la cala, \/ l&#8217;ermita dalt del pujol; \/i a la platja un tenderol\/ que batega com una ala.<\/p>\n<p>Una esperan\u00e7a desfeta, \/ una recan\u00e7a infinita.\/ I una p\u00e0tria tan petita\/ que la somio completa.<\/p>\n<p style=\"text-align: center;\"><a href=\"https:\/\/revista-insaiguaviva.org\/curs2012-2013\/wp-content\/uploads\/2012\/10\/resized_IMG_14021.jpg\"><img loading=\"lazy\" decoding=\"async\" class=\"size-thumbnail wp-image-91 aligncenter\" title=\"resized_IMG_1402\" src=\"https:\/\/revista-insaiguaviva.org\/curs2012-2013\/wp-content\/uploads\/2012\/10\/resized_IMG_14021-150x150.jpg\" alt=\"\" width=\"150\" height=\"150\" \/><\/a><\/p>\n<p style=\"text-align: left;\">\n","protected":false},"excerpt":{"rendered":"<p>El segon programa enregistrat pels alumnes de la mat\u00e8ria optativa de r\u00e0dio de 2n. d&#8217;ESO gir\u00e0 entorn del tema de l&#8217;atur. Si voleu sentir-lo punxeu a\u00a0INSTITUTS (1) &nbsp; &nbsp; _________________________________________________________________________ Els alumnes comen\u00e7aren amb un text introductori, que va llegir &hellip; <a href=\"https:\/\/www.revista-insaiguaviva.org\/curs2012-2013\/activitats\/llengua-catalana\/fem-radio\/\">Continua llegint <span class=\"meta-nav\">&rarr;<\/span><\/a><\/p>\n","protected":false},"author":3,"featured_media":0,"parent":41,"menu_order":0,"comment_status":"open","ping_status":"open","template":"","meta":{"footnotes":""},"class_list":["post-71","page","type-page","status-publish","hentry"],"_links":{"self":[{"href":"https:\/\/www.revista-insaiguaviva.org\/curs2012-2013\/wp-json\/wp\/v2\/pages\/71","targetHints":{"allow":["GET"]}}],"collection":[{"href":"https:\/\/www.revista-insaiguaviva.org\/curs2012-2013\/wp-json\/wp\/v2\/pages"}],"about":[{"href":"https:\/\/www.revista-insaiguaviva.org\/curs2012-2013\/wp-json\/wp\/v2\/types\/page"}],"author":[{"embeddable":true,"href":"https:\/\/www.revista-insaiguaviva.org\/curs2012-2013\/wp-json\/wp\/v2\/users\/3"}],"replies":[{"embeddable":true,"href":"https:\/\/www.revista-insaiguaviva.org\/curs2012-2013\/wp-json\/wp\/v2\/comments?post=71"}],"version-history":[{"count":9,"href":"https:\/\/www.revista-insaiguaviva.org\/curs2012-2013\/wp-json\/wp\/v2\/pages\/71\/revisions"}],"predecessor-version":[{"id":402,"href":"https:\/\/www.revista-insaiguaviva.org\/curs2012-2013\/wp-json\/wp\/v2\/pages\/71\/revisions\/402"}],"up":[{"embeddable":true,"href":"https:\/\/www.revista-insaiguaviva.org\/curs2012-2013\/wp-json\/wp\/v2\/pages\/41"}],"wp:attachment":[{"href":"https:\/\/www.revista-insaiguaviva.org\/curs2012-2013\/wp-json\/wp\/v2\/media?parent=71"}],"curies":[{"name":"wp","href":"https:\/\/api.w.org\/{rel}","templated":true}]}}