{"id":483,"date":"2020-03-05T18:08:22","date_gmt":"2020-03-05T16:08:22","guid":{"rendered":"https:\/\/www.revista-insaiguaviva.org\/curs2019-2020\/?page_id=483"},"modified":"2020-03-05T18:08:22","modified_gmt":"2020-03-05T16:08:22","slug":"entrevista-a-lorenzo","status":"publish","type":"page","link":"https:\/\/www.revista-insaiguaviva.org\/curs2019-2020\/entrevista-a-lorenzo\/","title":{"rendered":"Entrevista a Lorenzo"},"content":{"rendered":"\n<figure class=\"wp-block-image size-large\"><img decoding=\"async\" src=\"https:\/\/www.revista-insaiguaviva.org\/curs2019-2020\/wp-content\/uploads\/2020\/03\/Lorenzo-1.png\" alt=\"\" class=\"wp-image-484\"\/><figcaption>Tiene 86 a\u00f1os y naci\u00f3 en el 1934. Su nombre completo es Lorenzo Mart\u00ednez Ergueta. Su madre muri\u00f3 cuando \u00e9l ten\u00eda solo 8 a\u00f1os y tiene 8 hermanos, \u00e9l es el mayor. Tiene 5 hijos, es de Castilla-La Mancha y se vino a Catalu\u00f1a en el a\u00f1o 1966. Empez\u00f3 a trabajar con 8 a\u00f1os y con 11 de alba\u00f1il hasta jubilarse (se construy\u00f3 \u00e9l una casa en el pueblo). <\/figcaption><\/figure>\n\n\n\n<p><strong>1 &#8211; \u00bfC\u00f3mo se viv\u00eda?<\/strong><\/p>\n\n\n\n<p>&nbsp;No se viv\u00eda mal, aunque com\u00edamos poco, nos\napedreamos y jug\u00e1bamos de un lado a otro.<\/p>\n\n\n\n<p><strong>2 &#8211; \u00bfIbas a la escuela? <\/strong><\/p>\n\n\n\n<p>Fui un tiempo hasta que\nmi madre falleci\u00f3 cuando ten\u00eda 8 a\u00f1os y me tuve que ir al campo con mi padre,\npor lo tanto ya no fui mas al colegio.<\/p>\n\n\n\n<p><strong>3 &#8211; \u00bfCu\u00e1ndo comenzaste a trabajar?<\/strong><\/p>\n\n\n\n<p>Con los 8 a\u00f1os y m\u00e1s\ntarde a los 11 de alba\u00f1il.<\/p>\n\n\n\n<p><strong>4 &#8211; \u00bfD\u00f3nde&nbsp; empezaste a\ntrabajar?<\/strong><\/p>\n\n\n\n<p>Empec\u00e9 a trabajar en\nlas vi\u00f1as alumbrando que era descubrir la tierra de las vi\u00f1as para que con las\ntijeras pudieran podarla.<\/p>\n\n\n\n<p><strong>5 &#8211; \u00bfA qu\u00e9 te dedicaste y cu\u00e1nto cobrabas? <\/strong><\/p>\n\n\n\n<p>Luego fui alba\u00f1il hasta\nque me jubile, antes cada semana cobraba 50 pesetas y para que te hagas una\nidea un pan costaba un duro (5 pesetas). Pero nosotros \u00e9ramos 9 en la familia\npor lo tanto un pan por 5 pesetas era mucho si solo trabajabamos mi padre y yo.<\/p>\n\n\n\n<p><strong>6 &#8211; \u00bfCon qu\u00e9 jugabas?<\/strong><\/p>\n\n\n\n<p>Con un bal\u00f3n que\nhac\u00edamos con papel y cuerda, y tambien jugabamos con palos y tir\u00e1ndonos\npedradas de un lado a otro.<\/p>\n\n\n\n<p><strong>7 &#8211; \u00bfC\u00f3mo viviste la Guerra Civil?<\/strong><\/p>\n\n\n\n<p>Yo bien, porque al\nprincipio com\u00edamos pero cuando empezaron a venir al pueblo todos los t\u00edos y\nprimos,&nbsp; para ver a mis nuevos hermanos\nque estaban naciendo. Deje de ser el \u00fanico ni\u00f1o de la familia y entonces\nempezamos a tener m\u00e1s hambre. Pero aparte del hambre, la guerra la pase bien. <\/p>\n\n\n\n<p><strong>8 &#8211; \u00bfY el franquismo?<\/strong><\/p>\n\n\n\n<p>Bien, porque era\npeque\u00f1ito y no me acuerdo mucho de eso solo que empezaron a venir muchos de la\nguerra hacia casa y que los aviones lanzaban papeles diciendo que estaban en\nguerra. En fin no lo viv\u00ed mal pero no me acuerdo de muchas cosas.<\/p>\n\n\n\n<p><strong>9 &#8211; \u00bfEras libre?<\/strong><\/p>\n\n\n\n<p>Yo s\u00ed porque era un\nchaval, pero la gente mayor no tanto.<\/p>\n\n\n\n<p><strong>10 &#8211; \u00bfC\u00f3mo era la pol\u00edtica en aquella \u00e9poca?<\/strong><\/p>\n\n\n\n<p>No me acuerdo, era\npeque\u00f1o y en el pueblo nos aislaban de esos temas, solo los mayores estaban\nenterados de eso.<\/p>\n\n\n\n<p><strong>11 &#8211; \u00bfPasabais hambre?<\/strong><\/p>\n\n\n\n<p>Si, eso si mucha,\nadem\u00e1s como \u00e9ramos tantos ten\u00edamos que repartir lo poco que ten\u00edamos.<\/p>\n\n\n\n<p><strong>12 &#8211; \u00bfHab\u00eda libertad de expresi\u00f3n?<\/strong><\/p>\n\n\n\n<p>No, en los ni\u00f1os no\ntanto pero los mayores s\u00ed, pero como viv\u00edamos en pueblo no habian todas estas\ncosas.<\/p>\n\n\n\n<p><strong>13 &#8211; \u00bfMataban a la gente por decir su opini\u00f3n?<\/strong><\/p>\n\n\n\n<p>Claro, despu\u00e9s de la\nguerra fusilaron a muchos y hab\u00eda que vigilar lo que decias y donde lo dec\u00edas.<\/p>\n\n\n\n<p><strong>14 &#8211; \u00bfQu\u00e9 diferencias hab\u00eda entre los hombres y las mujeres?<\/strong><\/p>\n\n\n\n<p>Como castigo a los\nhombre les daban cuatro batacazos pero a las mujeres les rapaban la cabeza y\nles paseaban por todo el pueblo con la cabeza rapada. Y en el pueblo no hab\u00edan\ndiferencias sociales, ninguno era superior al otro en el pueblo eso no exist\u00eda.<\/p>\n\n\n\n<p><strong>15 &#8211; \u00bfEl pueblo ten\u00eda represiones?<\/strong><\/p>\n\n\n\n<p>Bueno yo no lo he\nvivido mucho eso pero los que ten\u00edan radio el estado no les dejaban escuchar\nlibremente las emisoras porque hablaban de pensamientos perjudiciales para el\nestado. El pueblo ten\u00eda represiones, tiene y siempre tendr\u00e1, y con los estudios\nque hay parece mentira pero tendr\u00eda que acabarse. <\/p>\n\n\n\n<p><strong>16 &#8211; \u00bfQu\u00e9 gente iba a la guerra?<\/strong><\/p>\n\n\n\n<p>Todo el mundo, los\nsoldados y sino te llebavan y en vez de estar 3 meses podr\u00edas estar 5 a\u00f1os. Mi\npadre tuvo que ir a la guerra.<\/p>\n\n\n\n<p><strong>17 &#8211; \u00bfConoc\u00edas a alguien que estuvo en la c\u00e1rcel?<\/strong><\/p>\n\n\n\n<p>Un hermano de mi padre\nestuvo en la c\u00e1rcel y las condiciones eran muy malas.<\/p>\n\n\n\n<p><strong>18 &#8211; \u00bfC\u00f3mo viviste el exilio de aquellas personas en la Guerra Civil?<\/strong><\/p>\n\n\n\n<p>Un conocido se fue a\nFrancia con su mujer y cuando pudieron se llevaron a sus hijos tambi\u00e9n. All\u00ed\nestuvieron en un campo <\/p>\n\n\n\n<p><strong>19 &#8211; \u00bfQu\u00e9 com\u00edais?<\/strong> <\/p>\n\n\n\n<p>Con lo poco que\nten\u00edamos com\u00edamos pan, patatas, gachas con harina de almortas pero no siempre\nten\u00edamos para comerlas.<\/p>\n\n\n\n<p><strong>20 &#8211; \u00bfAprendiste algo fuera de la escuela? <\/strong><\/p>\n\n\n\n<p>S\u00ed, los del campo nos\npreguntaban las tablas de multiplicar y si fallabas te tiraban un trozo de\nbarro duro.<\/p>\n\n\n\n<p>(A todo esto \u00e9l era\npeque\u00f1o por lo tanto muchas cosas no las recuerda y al estar en un pueblo\npeque\u00f1o no era lo mismo que en una ciudad y alg\u00fan que otro tema parec\u00eda\nevitarlo como si no quisiera recordar eso)<\/p>\n\n\n\n<p><strong>Pau Mart\u00ednez Molano &#8211; 4rt C<\/strong><\/p>\n","protected":false},"excerpt":{"rendered":"<p>1 &#8211; \u00bfC\u00f3mo se viv\u00eda? &nbsp;No se viv\u00eda mal, aunque com\u00edamos poco, nos apedreamos y jug\u00e1bamos de un lado a otro. 2 &#8211; \u00bfIbas a la escuela? Fui un tiempo hasta que mi madre falleci\u00f3 cuando ten\u00eda 8 a\u00f1os y me tuve que ir al campo con mi padre, por lo tanto ya no fui &hellip; <\/p>\n<p class=\"link-more\"><a href=\"https:\/\/www.revista-insaiguaviva.org\/curs2019-2020\/entrevista-a-lorenzo\/\" class=\"more-link\">Continua llegint <span class=\"screen-reader-text\">\u00abEntrevista a Lorenzo\u00bb<\/span><\/a><\/p>\n","protected":false},"author":2,"featured_media":0,"parent":0,"menu_order":0,"comment_status":"closed","ping_status":"closed","template":"","meta":{"footnotes":""},"class_list":["post-483","page","type-page","status-publish","hentry"],"_links":{"self":[{"href":"https:\/\/www.revista-insaiguaviva.org\/curs2019-2020\/wp-json\/wp\/v2\/pages\/483","targetHints":{"allow":["GET"]}}],"collection":[{"href":"https:\/\/www.revista-insaiguaviva.org\/curs2019-2020\/wp-json\/wp\/v2\/pages"}],"about":[{"href":"https:\/\/www.revista-insaiguaviva.org\/curs2019-2020\/wp-json\/wp\/v2\/types\/page"}],"author":[{"embeddable":true,"href":"https:\/\/www.revista-insaiguaviva.org\/curs2019-2020\/wp-json\/wp\/v2\/users\/2"}],"replies":[{"embeddable":true,"href":"https:\/\/www.revista-insaiguaviva.org\/curs2019-2020\/wp-json\/wp\/v2\/comments?post=483"}],"version-history":[{"count":1,"href":"https:\/\/www.revista-insaiguaviva.org\/curs2019-2020\/wp-json\/wp\/v2\/pages\/483\/revisions"}],"predecessor-version":[{"id":485,"href":"https:\/\/www.revista-insaiguaviva.org\/curs2019-2020\/wp-json\/wp\/v2\/pages\/483\/revisions\/485"}],"wp:attachment":[{"href":"https:\/\/www.revista-insaiguaviva.org\/curs2019-2020\/wp-json\/wp\/v2\/media?parent=483"}],"curies":[{"name":"wp","href":"https:\/\/api.w.org\/{rel}","templated":true}]}}