{"id":598,"date":"2020-03-17T21:08:00","date_gmt":"2020-03-17T19:08:00","guid":{"rendered":"https:\/\/www.revista-insaiguaviva.org\/curs2019-2020\/?page_id=598"},"modified":"2021-03-01T22:44:20","modified_gmt":"2021-03-01T20:44:20","slug":"booktrailer-3-c-eso","status":"publish","type":"page","link":"https:\/\/www.revista-insaiguaviva.org\/curs2019-2020\/booktrailer-3-c-eso\/","title":{"rendered":"&#8220;BOOKTRAILER&#8221; &#8211; 3 C ESO"},"content":{"rendered":"\n<p>V\u00eddeo de Mar\u00eda de Manuel sobre el libro <em>Doce a\u00f1os, siete meses y once d\u00edas<\/em>, de Lorris Murail. <\/p>\n\n\n<p><iframe loading=\"lazy\" width=\"420\" height=\"300\" src=\"https:\/\/www.youtube.com\/embed\/PL2xh9mEOu8\" frameborder=\"0\" allow=\"accelerometer; autoplay; encrypted-media; gyroscope; picture-in-picture\" allowfullscreen=\"\"><\/iframe><\/p>\n\n\n\n<p>Video de Ainoa Mar\u00edn sobre el libro<em> Electro<\/em>, de Javier Ruescas y Manu Carbajo.<\/p>\n\n\n<p><iframe loading=\"lazy\" width=\"420\" height=\"300\" src=\"https:\/\/www.youtube.com\/embed\/QzgxkLOLqBw\" frameborder=\"0\" allow=\"accelerometer; autoplay; encrypted-media; gyroscope; picture-in-picture\" allowfullscreen=\"\"><\/iframe><\/p>\n\n\n\n<p>V\u00eddeo de Daniel Ald\u00edrez sobre el libro <em>El pr\u00edncipe de la niebla<\/em>, de Carlos Ruiz Zaf\u00f3n. <\/p>\n\n\n<p><iframe loading=\"lazy\" width=\"420\" height=\"300\" src=\"https:\/\/www.youtube.com\/embed\/htNLXOxq_6s\" frameborder=\"0\" allow=\"accelerometer; autoplay; encrypted-media; gyroscope; picture-in-picture\" allowfullscreen=\"\"><\/iframe><\/p>\n\n\n\n<p>V\u00eddeo de Llu\u00eds Hinojosa sobre el libro Palabras envenenadas, de Maite Carranza. <\/p>\n\n\n<p><iframe loading=\"lazy\" width=\"420\" height=\"300\" src=\"https:\/\/www.youtube.com\/embed\/fv-RhNFC4ME\" frameborder=\"0\" allow=\"accelerometer; autoplay; encrypted-media; gyroscope; picture-in-picture\" allowfullscreen=\"\"><\/iframe><\/p>\n\n\n\n<p>V\u00eddeo de J\u00falia Jaime sobre el libro Palabras envenenadas, de Maite Carranza. <\/p>\n\n\n<p><iframe loading=\"lazy\" width=\"420\" height=\"300\" src=\"https:\/\/www.youtube.com\/embed\/crcx2iaw4y0\" frameborder=\"0\" allow=\"accelerometer; autoplay; encrypted-media; gyroscope; picture-in-picture\" allowfullscreen=\"\"><\/iframe><\/p>\n\n\n\n<p>V\u00eddeo de Noha Koarich sobre el libro <em>Alguien tiene un secreto<\/em>, de Karen M. McManus. <\/p>\n\n\n<p><iframe loading=\"lazy\" width=\"420\" height=\"300\" src=\"https:\/\/www.youtube.com\/embed\/bIfHuJmyao0\" frameborder=\"0\" allow=\"accelerometer; autoplay; encrypted-media; gyroscope; picture-in-picture\" allowfullscreen=\"\"><\/iframe><\/p>\n\n\n\n<p>V\u00eddeo de N\u00faria Matamoros sobre el libro<em> El otro barrio,<\/em> de Elvira Lindo.<\/p>\n\n\n<p><iframe loading=\"lazy\" width=\"420\" height=\"300\" src=\"https:\/\/www.youtube.com\/embed\/H80D_x6FQbY\" frameborder=\"0\" allow=\"accelerometer; autoplay; encrypted-media; gyroscope; picture-in-picture\" allowfullscreen=\"\"><\/iframe><\/p>\n\n\n\n<p>V\u00eddeo de Judit Lorite sobre el libro \u00bfQui\u00e9n cuenta las estrellas?, de Lois Lowry.<\/p>\n\n\n<p><iframe loading=\"lazy\" width=\"420\" height=\"300\" src=\"https:\/\/www.youtube.com\/embed\/v39x6IkyJcI\" frameborder=\"0\" allow=\"accelerometer; autoplay; encrypted-media; gyroscope; picture-in-picture\" allowfullscreen=\"\"><\/iframe><\/p>\n\n\n\n<p>V\u00eddeo de Pablo Morales sobre el libro <em>Estudio en escarlata<\/em>, de sir Arthur Conan Doyle.<\/p>\n\n\n<p><iframe loading=\"lazy\" width=\"420\" height=\"300\" src=\"https:\/\/www.youtube.com\/embed\/QwOLOVDziIc\" frameborder=\"0\" allow=\"accelerometer; autoplay; encrypted-media; gyroscope; picture-in-picture\" allowfullscreen=\"\"><\/iframe><\/p>\n\n\n\n<p>V\u00eddeo de Adrian Singh sobre el libro <em>Los espejos venecianos<\/em>, de Joan Manuel Gisbert.<\/p>\n\n\n<p><iframe loading=\"lazy\" width=\"420\" height=\"300\" src=\"https:\/\/www.youtube.com\/embed\/24VuPr0d5uY\" frameborder=\"0\" allow=\"accelerometer; autoplay; encrypted-media; gyroscope; picture-in-picture\" allowfullscreen=\"\"><\/iframe><\/p>\n\n\n\n<p>V\u00eddeo de David Bravo sobre el libro <em>El medall\u00f3n perdido<\/em>, de Ana Aldecoa. <\/p>\n\n\n<p><iframe loading=\"lazy\" width=\"420\" height=\"300\" src=\"https:\/\/www.youtube.com\/embed\/w6QHIEZEe10\" frameborder=\"0\" allow=\"accelerometer; autoplay; encrypted-media; gyroscope; picture-in-picture\" allowfullscreen=\"\"><\/iframe><\/p>\n\n\n\n<p>V\u00eddeo de Enric Piris sobre el libro <em>El secreto del fuego<\/em>, de Henning Mankell.<\/p>\n\n\n<p><iframe loading=\"lazy\" width=\"420\" height=\"300\" src=\"https:\/\/www.youtube.com\/embed\/EEkJIh3DzYo\" frameborder=\"0\" allow=\"accelerometer; autoplay; encrypted-media; gyroscope; picture-in-picture\" allowfullscreen=\"\"><\/iframe><\/p>\n\n\n\n<p>V\u00eddeo de Carol Mart\u00ed sobre el libro <em>El lado explosivo de Jude<\/em>, de Nicole Williams.<\/p>\n\n\n<p><iframe loading=\"lazy\" width=\"420\" height=\"300\" src=\"https:\/\/www.youtube.com\/embed\/zE9RKkcXixo\" frameborder=\"0\" allow=\"accelerometer; autoplay; encrypted-media; gyroscope; picture-in-picture\" allowfullscreen=\"\"><\/iframe><\/p>\n\n\n\n<p>V\u00eddeo de David Cantero sobre el libro <em>El secreto del fuego<\/em>, de Henning Mankell.<\/p>\n\n\n<p><iframe loading=\"lazy\" width=\"420\" height=\"300\" src=\"https:\/\/www.youtube.com\/embed\/jWf2o1C7t84\" frameborder=\"0\" allow=\"accelerometer; autoplay; encrypted-media; gyroscope; picture-in-picture\" allowfullscreen=\"\"><\/iframe><\/p>\n\n\n\n<p>V\u00eddeo de Sonia Marinov sobre el libro 97 Formas de decir te quiero, de Jordi Sierra i Fabra. <\/p>\n\n\n<p><iframe loading=\"lazy\" width=\"420\" height=\"300\" src=\"https:\/\/www.youtube.com\/embed\/vRnSla_rxaY\" frameborder=\"0\" allow=\"accelerometer; autoplay; encrypted-media; gyroscope; picture-in-picture\" allowfullscreen=\"\"><\/iframe><\/p>\n","protected":false},"excerpt":{"rendered":"<p>V\u00eddeo de Mar\u00eda de Manuel sobre el libro Doce a\u00f1os, siete meses y once d\u00edas, de Lorris Murail. Video de Ainoa Mar\u00edn sobre el libro Electro, de Javier Ruescas y Manu Carbajo. V\u00eddeo de Daniel Ald\u00edrez sobre el libro El pr\u00edncipe de la niebla, de Carlos Ruiz Zaf\u00f3n. V\u00eddeo de Llu\u00eds Hinojosa sobre el libro &hellip; <\/p>\n<p class=\"link-more\"><a href=\"https:\/\/www.revista-insaiguaviva.org\/curs2019-2020\/booktrailer-3-c-eso\/\" class=\"more-link\">Continua llegint <span class=\"screen-reader-text\">\u00ab&#8220;BOOKTRAILER&#8221; &#8211; 3 C ESO\u00bb<\/span><\/a><\/p>\n","protected":false},"author":2,"featured_media":0,"parent":0,"menu_order":0,"comment_status":"closed","ping_status":"closed","template":"","meta":{"footnotes":""},"class_list":["post-598","page","type-page","status-publish","hentry"],"_links":{"self":[{"href":"https:\/\/www.revista-insaiguaviva.org\/curs2019-2020\/wp-json\/wp\/v2\/pages\/598","targetHints":{"allow":["GET"]}}],"collection":[{"href":"https:\/\/www.revista-insaiguaviva.org\/curs2019-2020\/wp-json\/wp\/v2\/pages"}],"about":[{"href":"https:\/\/www.revista-insaiguaviva.org\/curs2019-2020\/wp-json\/wp\/v2\/types\/page"}],"author":[{"embeddable":true,"href":"https:\/\/www.revista-insaiguaviva.org\/curs2019-2020\/wp-json\/wp\/v2\/users\/2"}],"replies":[{"embeddable":true,"href":"https:\/\/www.revista-insaiguaviva.org\/curs2019-2020\/wp-json\/wp\/v2\/comments?post=598"}],"version-history":[{"count":21,"href":"https:\/\/www.revista-insaiguaviva.org\/curs2019-2020\/wp-json\/wp\/v2\/pages\/598\/revisions"}],"predecessor-version":[{"id":1062,"href":"https:\/\/www.revista-insaiguaviva.org\/curs2019-2020\/wp-json\/wp\/v2\/pages\/598\/revisions\/1062"}],"wp:attachment":[{"href":"https:\/\/www.revista-insaiguaviva.org\/curs2019-2020\/wp-json\/wp\/v2\/media?parent=598"}],"curies":[{"name":"wp","href":"https:\/\/api.w.org\/{rel}","templated":true}]}}